{"id":4697,"date":"2023-09-09T13:05:55","date_gmt":"2023-09-09T12:05:55","guid":{"rendered":"https:\/\/dzepina.com\/?page_id=4697"},"modified":"2023-12-11T19:41:42","modified_gmt":"2023-12-11T18:41:42","slug":"tonsillektomie","status":"publish","type":"page","link":"https:\/\/dzepina.com\/de\/behandlungen\/hals-nasen-ohren-heilkunde-kiefer-gesichts-chirurgie\/tonsillektomie\/","title":{"rendered":"Tonsillektomie und Adenoidektomie"},"content":{"rendered":"\t\t<div data-elementor-type=\"wp-page\" data-elementor-id=\"4697\" class=\"elementor elementor-4697 elementor-1009\" data-elementor-post-type=\"page\">\n\t\t\t\t\t\t<section class=\"elementor-section elementor-top-section elementor-element elementor-element-12c9af02 elementor-section-boxed elementor-section-height-default elementor-section-height-default\" data-id=\"12c9af02\" data-element_type=\"section\" data-e-type=\"section\" data-settings=\"{&quot;background_background&quot;:&quot;classic&quot;}\">\n\t\t\t\t\t\t<div class=\"elementor-container elementor-column-gap-default\">\n\t\t\t\t\t<div class=\"elementor-column elementor-col-100 elementor-top-column elementor-element elementor-element-9322330\" data-id=\"9322330\" data-element_type=\"column\" data-e-type=\"column\">\n\t\t\t<div class=\"elementor-widget-wrap elementor-element-populated\">\n\t\t\t\t\t\t<div class=\"elementor-element elementor-element-7d95afdd elementor-widget elementor-widget-spacer\" data-id=\"7d95afdd\" data-element_type=\"widget\" data-e-type=\"widget\" data-widget_type=\"spacer.default\">\n\t\t\t\t<div class=\"elementor-widget-container\">\n\t\t\t\t\t\t\t<div class=\"elementor-spacer\">\n\t\t\t<div class=\"elementor-spacer-inner\"><\/div>\n\t\t<\/div>\n\t\t\t\t\t\t<\/div>\n\t\t\t\t<\/div>\n\t\t\t\t<div class=\"elementor-element elementor-element-6411dbd9 elementor-widget elementor-widget-heading\" data-id=\"6411dbd9\" data-element_type=\"widget\" data-e-type=\"widget\" data-widget_type=\"heading.default\">\n\t\t\t\t<div class=\"elementor-widget-container\">\n\t\t\t\t\t<h1 class=\"elementor-heading-title elementor-size-default\">Tonsillektomie und Adenoidektomie<\/h1>\t\t\t\t<\/div>\n\t\t\t\t<\/div>\n\t\t\t\t<div class=\"elementor-element elementor-element-78ecc15c elementor-widget elementor-widget-spacer\" data-id=\"78ecc15c\" data-element_type=\"widget\" data-e-type=\"widget\" data-widget_type=\"spacer.default\">\n\t\t\t\t<div class=\"elementor-widget-container\">\n\t\t\t\t\t\t\t<div class=\"elementor-spacer\">\n\t\t\t<div class=\"elementor-spacer-inner\"><\/div>\n\t\t<\/div>\n\t\t\t\t\t\t<\/div>\n\t\t\t\t<\/div>\n\t\t\t\t\t<\/div>\n\t\t<\/div>\n\t\t\t\t\t<\/div>\n\t\t<\/section>\n\t\t\t\t<section class=\"elementor-section elementor-top-section elementor-element elementor-element-53b756c2 elementor-section-boxed elementor-section-height-default elementor-section-height-default\" data-id=\"53b756c2\" data-element_type=\"section\" data-e-type=\"section\">\n\t\t\t\t\t\t<div class=\"elementor-container elementor-column-gap-default\">\n\t\t\t\t\t<div class=\"elementor-column elementor-col-100 elementor-top-column elementor-element elementor-element-af84b5c\" data-id=\"af84b5c\" data-element_type=\"column\" data-e-type=\"column\">\n\t\t\t<div class=\"elementor-widget-wrap elementor-element-populated\">\n\t\t\t\t\t\t<section class=\"elementor-section elementor-inner-section elementor-element elementor-element-42d74fa8 elementor-section-boxed elementor-section-height-default elementor-section-height-default\" data-id=\"42d74fa8\" data-element_type=\"section\" data-e-type=\"section\">\n\t\t\t\t\t\t<div class=\"elementor-container elementor-column-gap-default\">\n\t\t\t\t\t<div class=\"elementor-column elementor-col-50 elementor-inner-column elementor-element elementor-element-4c22c746\" data-id=\"4c22c746\" data-element_type=\"column\" data-e-type=\"column\">\n\t\t\t<div class=\"elementor-widget-wrap elementor-element-populated\">\n\t\t\t\t\t\t<div class=\"elementor-element elementor-element-27bbeca elementor-toc--content-ellipsis elementor-toc--minimized-on-tablet elementor-widget elementor-widget-table-of-contents\" data-id=\"27bbeca\" data-element_type=\"widget\" data-e-type=\"widget\" data-settings=\"{&quot;exclude_headings_by_selector&quot;:[],&quot;marker_view&quot;:&quot;bullets&quot;,&quot;icon&quot;:{&quot;value&quot;:&quot;fas fa-dot-circle&quot;,&quot;library&quot;:&quot;fa-solid&quot;,&quot;rendered_tag&quot;:&quot;&lt;svg class=\\&quot;e-font-icon-svg e-fas-dot-circle\\&quot; viewBox=\\&quot;0 0 512 512\\&quot; xmlns=\\&quot;http:\\\/\\\/www.w3.org\\\/2000\\\/svg\\&quot;&gt;&lt;path d=\\&quot;M256 8C119.033 8 8 119.033 8 256s111.033 248 248 248 248-111.033 248-248S392.967 8 256 8zm80 248c0 44.112-35.888 80-80 80s-80-35.888-80-80 35.888-80 80-80 80 35.888 80 80z\\&quot;&gt;&lt;\\\/path&gt;&lt;\\\/svg&gt;&quot;},&quot;collapse_subitems&quot;:&quot;yes&quot;,&quot;headings_by_tags&quot;:[&quot;h2&quot;,&quot;h3&quot;,&quot;h4&quot;,&quot;h5&quot;,&quot;h6&quot;],&quot;no_headings_message&quot;:&quot;Es wurden keine \\u00dcberschriften auf dieser Seite gefunden.&quot;,&quot;minimize_box&quot;:&quot;yes&quot;,&quot;minimized_on&quot;:&quot;tablet&quot;,&quot;hierarchical_view&quot;:&quot;yes&quot;,&quot;min_height&quot;:{&quot;unit&quot;:&quot;px&quot;,&quot;size&quot;:&quot;&quot;,&quot;sizes&quot;:[]},&quot;min_height_tablet&quot;:{&quot;unit&quot;:&quot;px&quot;,&quot;size&quot;:&quot;&quot;,&quot;sizes&quot;:[]},&quot;min_height_mobile&quot;:{&quot;unit&quot;:&quot;px&quot;,&quot;size&quot;:&quot;&quot;,&quot;sizes&quot;:[]}}\" data-widget_type=\"table-of-contents.default\">\n\t\t\t\t<div class=\"elementor-widget-container\">\n\t\t\t\t\t\t\t\t\t<div class=\"elementor-toc__header\">\n\t\t\t\t\t\t<h4 class=\"elementor-toc__header-title\">\n\t\t\t\tInhalt\t\t\t<\/h4>\n\t\t\t\t\t\t\t\t\t\t<div class=\"elementor-toc__toggle-button elementor-toc__toggle-button--expand\" role=\"button\" tabindex=\"0\" aria-controls=\"elementor-toc__27bbeca\" aria-expanded=\"true\" aria-label=\"Inhaltsverzeichnis \u00f6ffnen\"><svg aria-hidden=\"true\" class=\"e-font-icon-svg e-fas-chevron-down\" viewBox=\"0 0 448 512\" xmlns=\"http:\/\/www.w3.org\/2000\/svg\"><path d=\"M207.029 381.476L12.686 187.132c-9.373-9.373-9.373-24.569 0-33.941l22.667-22.667c9.357-9.357 24.522-9.375 33.901-.04L224 284.505l154.745-154.021c9.379-9.335 24.544-9.317 33.901.04l22.667 22.667c9.373 9.373 9.373 24.569 0 33.941L240.971 381.476c-9.373 9.372-24.569 9.372-33.942 0z\"><\/path><\/svg><\/div>\n\t\t\t\t<div class=\"elementor-toc__toggle-button elementor-toc__toggle-button--collapse\" role=\"button\" tabindex=\"0\" aria-controls=\"elementor-toc__27bbeca\" aria-expanded=\"true\" aria-label=\"Inhaltsverzeichnis schlie\u00dfen\"><svg aria-hidden=\"true\" class=\"e-font-icon-svg e-fas-chevron-up\" viewBox=\"0 0 448 512\" xmlns=\"http:\/\/www.w3.org\/2000\/svg\"><path d=\"M240.971 130.524l194.343 194.343c9.373 9.373 9.373 24.569 0 33.941l-22.667 22.667c-9.357 9.357-24.522 9.375-33.901.04L224 227.495 69.255 381.516c-9.379 9.335-24.544 9.317-33.901-.04l-22.667-22.667c-9.373-9.373-9.373-24.569 0-33.941L207.03 130.525c9.372-9.373 24.568-9.373 33.941-.001z\"><\/path><\/svg><\/div>\n\t\t\t\t\t<\/div>\n\t\t\t\t<div id=\"elementor-toc__27bbeca\" class=\"elementor-toc__body elementor-toc__list-items--collapsible\">\n\t\t\t<div class=\"elementor-toc__spinner-container\">\n\t\t\t\t<svg class=\"elementor-toc__spinner eicon-animation-spin e-font-icon-svg e-eicon-loading\" aria-hidden=\"true\" viewBox=\"0 0 1000 1000\" xmlns=\"http:\/\/www.w3.org\/2000\/svg\"><path d=\"M500 975V858C696 858 858 696 858 500S696 142 500 142 142 304 142 500H25C25 237 238 25 500 25S975 237 975 500 763 975 500 975Z\"><\/path><\/svg>\t\t\t<\/div>\n\t\t<\/div>\n\t\t\t\t\t\t<\/div>\n\t\t\t\t<\/div>\n\t\t\t\t\t<\/div>\n\t\t<\/div>\n\t\t\t\t<div class=\"elementor-column elementor-col-50 elementor-inner-column elementor-element elementor-element-78563477\" data-id=\"78563477\" data-element_type=\"column\" data-e-type=\"column\">\n\t\t\t<div class=\"elementor-widget-wrap elementor-element-populated\">\n\t\t\t\t\t\t<div class=\"elementor-element elementor-element-34e0b406 elementor-invisible elementor-widget elementor-widget-heading\" data-id=\"34e0b406\" data-element_type=\"widget\" data-e-type=\"widget\" id=\"one\" data-settings=\"{&quot;_animation&quot;:&quot;fadeInDown&quot;}\" data-widget_type=\"heading.default\">\n\t\t\t\t<div class=\"elementor-widget-container\">\n\t\t\t\t\t<h2 class=\"elementor-heading-title elementor-size-large\">DIAGNOSTISCHER UND THERAPEUTISCHER PROTOKOL<\/h2>\t\t\t\t<\/div>\n\t\t\t\t<\/div>\n\t\t\t\t<div class=\"elementor-element elementor-element-5a263294 elementor-widget elementor-widget-text-editor\" data-id=\"5a263294\" data-element_type=\"widget\" data-e-type=\"widget\" data-widget_type=\"text-editor.default\">\n\t\t\t\t<div class=\"elementor-widget-container\">\n\t\t\t\t\t\t\t\t\t<p>Tonsillektomie und Adenoidektomie sind ein h\u00e4ufiges Thema in HNO-Kliniken, am h\u00e4ufigsten in der P\u00e4diatrie. Meistens beginnt das Gespr\u00e4ch mit Daten zu entz\u00fcndlichen Erkrankungen. Halsentz\u00fcndungen und Halsschmerzen sind in den meisten F\u00e4llen viraler \u00c4tiologie und viel seltener bakteriell (beta-h\u00e4molytische Streptokokken Gruppe A als h\u00e4ufigste Ursache).<\/p>\n<p>Die zentrale diagnostische Aufgabe besteht darin, eine bakterielle Infektion (bei der der Einsatz von Antibiotika gerechtfertigt ist) von vielen anderen Halsschmerzen zu unterscheiden, bei denen der Einsatz von Antibiotika keinen signifikanten Einfluss auf den Krankheitsverlauf hat, aber zur Entstehung bakterieller Resistenz gegen Antibiotika. Dabei helfen uns die <strong><a href=\"https:\/\/dzepina.com\/wp-content\/uploads\/ISKRA-smjernice-za-lijecenje-grlobolja.pdf\" target=\"_blank\" rel=\"noopener\">Richtlinien der Interdisziplin\u00e4ren Sektion zur Bek\u00e4mpfung der Antibiotikaresistenz (ISKRA)<\/a><\/strong> des Ministeriums f\u00fcr Gesundheit und Soziales der Republik Kroatien. Die Leitlinien wurden nach den Grunds\u00e4tzen der AGREE-Methodik (Appraisal of Guidelines for Research and Evaluation) erstellt. Dies impliziert, dass sie das Ergebnis eines Konsenses von Fachgesellschaften und Institutionen sind.<\/p>\n<h4>Diagnose<\/h4>\n<p>Bei der Diagnostik einer Streptokokken-Infektion empfiehlt es sich, das Krankheitsbild <em>nach den sogenannten <strong><a href=\"https:\/\/www.mdcalc.com\/centor-score-modified-mcisaac-strep-pharyngitis#evidence\">Centor-Kriterien<\/a><\/strong><\/em> zu beurteilen. Bei Patienten mit 0\u20131 Punkten wird eine Antibiotikatherapie oder bakteriologische Tests nicht empfohlen. Bei Patienten mit einem Score von 2 bis 4 wird eine bakteriologische Testung (Schnelltest oder Kultur) empfohlen. Bei einem positiven bakteriologischen Test wird eine Antibiotikatherapie verordnet.<\/p>\n<h4>Behandlung<\/h4>\n<p>Das erste Mittel der Wahl bei der Behandlung der Streptokokken-Tonsillopharyngitis ist Penicillin, das \u00fcber 10 Tage oral verabreicht wird (Penicillin V). Bei schlechter Patientencompliance wird es einmal parenteral gegeben (Benzathin Penicillin G). Andere Antibiotika (Makrolide, Clindamycin, Cephalosporine, Co-Amoxiclav) werden ausnahmsweise bei \u00dcberempfindlichkeit gegen Penicillin oder bei wiederkehrenden Infektionen eingesetzt.<\/p>\n<p><strong>Tonsillektomie<\/strong> und <strong>Adenoidektomie<\/strong> stellen eine operative Behandlungsmodalit\u00e4t dar, zus\u00e4tzlich zu den bereits erw\u00e4hnten konservativen Ma\u00dfnahmen oder als eigenst\u00e4ndiges Verfahren.<\/p>\n\t\t\t\t\t\t\t\t<\/div>\n\t\t\t\t<\/div>\n\t\t\t\t<div class=\"elementor-element elementor-element-76487b07 elementor-invisible elementor-widget elementor-widget-heading\" data-id=\"76487b07\" data-element_type=\"widget\" data-e-type=\"widget\" id=\"two\" data-settings=\"{&quot;_animation&quot;:&quot;fadeInDown&quot;}\" data-widget_type=\"heading.default\">\n\t\t\t\t<div class=\"elementor-widget-container\">\n\t\t\t\t\t<h2 class=\"elementor-heading-title elementor-size-large\">TONSILARPROBLEM<\/h2>\t\t\t\t<\/div>\n\t\t\t\t<\/div>\n\t\t\t\t<div class=\"elementor-element elementor-element-5fdd76ba elementor-widget elementor-widget-text-editor\" data-id=\"5fdd76ba\" data-element_type=\"widget\" data-e-type=\"widget\" data-widget_type=\"text-editor.default\">\n\t\t\t\t<div class=\"elementor-widget-container\">\n\t\t\t\t\t\t\t\t\t<p>Mandelproblem ist ein gebr\u00e4uchlicher Name f\u00fcr eine Reihe von Problemen im Zusammenhang mit der korrekten und rechtzeitigen Indikationsstellung f\u00fcr die chirurgische Behandlung von Mandeln &#8211; <strong>Tonsillektomie (und Adenoidektomie)<\/strong> . Diese Fragen zielen darauf ab, den Zustand des Mandelgewebes zu beurteilen. Daten zu Mandelerkrankungen und m\u00f6glichen Komplikationen dieser Erkrankungen werden hier ber\u00fccksichtigt. Lokale Befunde der klinischen Untersuchung (Hypertrophie und Auftreten von Tonsillengewebe) werden ebenfalls ber\u00fccksichtigt.<\/p><p>Die Leitlinien helfen uns, leichter \u00fcber die beiden Hauptindikationen f\u00fcr eine chirurgische Behandlung zu entscheiden, und zwar:<\/p><ul><li>Hypertrophie (Vergr\u00f6\u00dferung) der Mandeln und<\/li><li><span style=\"font-size: 16px; -webkit-text-size-adjust: 100%;\">h\u00e4ufige Entz\u00fcndungen.<\/span><\/li><\/ul>\t\t\t\t\t\t\t\t<\/div>\n\t\t\t\t<\/div>\n\t\t\t\t<div class=\"elementor-element elementor-element-3357e33 elementor-widget elementor-widget-image\" data-id=\"3357e33\" data-element_type=\"widget\" data-e-type=\"widget\" data-widget_type=\"image.default\">\n\t\t\t\t<div class=\"elementor-widget-container\">\n\t\t\t\t\t\t\t\t\t\t\t\t<figure class=\"wp-caption\">\n\t\t\t\t\t\t\t\t\t\t<img fetchpriority=\"high\" decoding=\"async\" width=\"300\" height=\"203\" src=\"https:\/\/dzepina.com\/wp-content\/uploads\/Tonzilektomija-main-title-300x203.jpg\" class=\"attachment-medium size-medium wp-image-1782\" alt=\"Uve\u0107ane tonzile\" srcset=\"https:\/\/dzepina.com\/wp-content\/uploads\/Tonzilektomija-main-title-300x203.jpg 300w, https:\/\/dzepina.com\/wp-content\/uploads\/Tonzilektomija-main-title-768x520.jpg 768w, https:\/\/dzepina.com\/wp-content\/uploads\/Tonzilektomija-main-title.jpg 1000w\" sizes=\"(max-width: 300px) 100vw, 300px\" \/>\t\t\t\t\t\t\t\t\t\t\t<figcaption class=\"widget-image-caption wp-caption-text\">Chronische Mandelentz\u00fcndung mit vergr\u00f6\u00dferten Mandeln<\/figcaption>\n\t\t\t\t\t\t\t\t\t\t<\/figure>\n\t\t\t\t\t\t\t\t\t<\/div>\n\t\t\t\t<\/div>\n\t\t\t\t<div class=\"elementor-element elementor-element-15165d0 elementor-alert-info elementor-widget elementor-widget-alert\" data-id=\"15165d0\" data-element_type=\"widget\" data-e-type=\"widget\" data-widget_type=\"alert.default\">\n\t\t\t\t<div class=\"elementor-widget-container\">\n\t\t\t\t\t\t\t<div class=\"elementor-alert\" role=\"alert\">\n\n\t\t\t\t\t\t<span class=\"elementor-alert-title\">OPERIEREN ODER KONSERVATIV BEHANDELN?<\/span>\n\t\t\t\n\t\t\t\t\t\t<span class=\"elementor-alert-description\"><p>Die wichtigste Entscheidung, die getroffen werden muss, ist, ob wir einen gr\u00f6\u00dferen Nutzen oder Schaden f\u00fcr die Mandeln haben, wenn eine Person von einem Kinderarzt oder Hausarzt \u00fcberwiesen wird, um eine Entscheidung f\u00fcr eine chirurgische Behandlung zu treffen.<\/p>\n<\/span>\n\t\t\t\n\t\t\t\t\t\t<button type=\"button\" class=\"elementor-alert-dismiss\" aria-label=\"Hinweis ausblenden.\">\n\t\t\t\t\t\t\t\t\t<span aria-hidden=\"true\">&times;<\/span>\n\t\t\t\t\t\t\t<\/button>\n\t\t\t\n\t\t<\/div>\n\t\t\t\t\t\t<\/div>\n\t\t\t\t<\/div>\n\t\t\t\t<div class=\"elementor-element elementor-element-4c7f0dc8 elementor-invisible elementor-widget elementor-widget-heading\" data-id=\"4c7f0dc8\" data-element_type=\"widget\" data-e-type=\"widget\" id=\"three\" data-settings=\"{&quot;_animation&quot;:&quot;fadeInDown&quot;}\" data-widget_type=\"heading.default\">\n\t\t\t\t<div class=\"elementor-widget-container\">\n\t\t\t\t\t<h2 class=\"elementor-heading-title elementor-size-large\">TONSILEKTOMIE UND ADENOIDEKTOMIE - LEITLINIEN BEI KINDERN UND ERWACHSENEN<\/h2>\t\t\t\t<\/div>\n\t\t\t\t<\/div>\n\t\t\t\t<div class=\"elementor-element elementor-element-c148535 elementor-widget elementor-widget-text-editor\" data-id=\"c148535\" data-element_type=\"widget\" data-e-type=\"widget\" data-widget_type=\"text-editor.default\">\n\t\t\t\t<div class=\"elementor-widget-container\">\n\t\t\t\t\t\t\t\t\t<p>Die Tonsillektomie ist eine anerkannte chirurgische Methode, die die Anzahl der Halsschmerzen bei Kindern und Erwachsenen reduziert, jedoch nur, wenn die Indikationen f\u00fcr das Verfahren befolgt werden.<\/p><p>Die Tonsillektomie ist eine chirurgische Methode, f\u00fcr die der Patient ins Krankenhaus eingeliefert werden muss. Der Eingriff wird bei Kindern in Vollnarkose durchgef\u00fchrt, bei Erwachsenen kann er auch in \u00f6rtlicher Bet\u00e4ubung durchgef\u00fchrt werden. Die h\u00e4ufigste postoperative Komplikation sind Blutungen (1-3%). Die postoperative Erholung dauert 14 Tage und w\u00e4hrend dieser Zeit ist der Patient von der Schule oder der Arbeit fern.<\/p>\t\t\t\t\t\t\t\t<\/div>\n\t\t\t\t<\/div>\n\t\t\t\t<div class=\"elementor-element elementor-element-4d1f8c1 elementor-widget elementor-widget-image\" data-id=\"4d1f8c1\" data-element_type=\"widget\" data-e-type=\"widget\" data-widget_type=\"image.default\">\n\t\t\t\t<div class=\"elementor-widget-container\">\n\t\t\t\t\t\t\t\t\t\t\t\t<figure class=\"wp-caption\">\n\t\t\t\t\t\t\t\t\t\t<img decoding=\"async\" width=\"300\" height=\"183\" src=\"https:\/\/dzepina.com\/wp-content\/uploads\/A4A366B1-8A0B-4177-9413-AD0C470D94F5-300x183.jpeg\" class=\"attachment-medium size-medium wp-image-5819\" alt=\"Tonzilektomija\" srcset=\"https:\/\/dzepina.com\/wp-content\/uploads\/A4A366B1-8A0B-4177-9413-AD0C470D94F5-300x183.jpeg 300w, https:\/\/dzepina.com\/wp-content\/uploads\/A4A366B1-8A0B-4177-9413-AD0C470D94F5-1024x626.jpeg 1024w, https:\/\/dzepina.com\/wp-content\/uploads\/A4A366B1-8A0B-4177-9413-AD0C470D94F5-768x470.jpeg 768w, https:\/\/dzepina.com\/wp-content\/uploads\/A4A366B1-8A0B-4177-9413-AD0C470D94F5-1536x939.jpeg 1536w, https:\/\/dzepina.com\/wp-content\/uploads\/A4A366B1-8A0B-4177-9413-AD0C470D94F5-2048x1252.jpeg 2048w\" sizes=\"(max-width: 300px) 100vw, 300px\" \/>\t\t\t\t\t\t\t\t\t\t\t<figcaption class=\"widget-image-caption wp-caption-text\">Der erste postoperative Tag nach Tonsillektomie<\/figcaption>\n\t\t\t\t\t\t\t\t\t\t<\/figure>\n\t\t\t\t\t\t\t\t\t<\/div>\n\t\t\t\t<\/div>\n\t\t\t\t<div class=\"elementor-element elementor-element-6f20b39 elementor-widget elementor-widget-toggle\" data-id=\"6f20b39\" data-element_type=\"widget\" data-e-type=\"widget\" data-widget_type=\"toggle.default\">\n\t\t\t\t<div class=\"elementor-widget-container\">\n\t\t\t\t\t\t\t<div class=\"elementor-toggle\">\n\t\t\t\t\t\t\t<div class=\"elementor-toggle-item\">\n\t\t\t\t\t<div id=\"elementor-tab-title-1161\" class=\"elementor-tab-title\" data-tab=\"1\" role=\"button\" aria-controls=\"elementor-tab-content-1161\" aria-expanded=\"false\">\n\t\t\t\t\t\t\t\t\t\t\t\t<span class=\"elementor-toggle-icon elementor-toggle-icon-left\" aria-hidden=\"true\">\n\t\t\t\t\t\t\t\t\t\t\t\t\t\t\t<span class=\"elementor-toggle-icon-closed\"><svg class=\"e-font-icon-svg e-fas-caret-right\" viewBox=\"0 0 192 512\" xmlns=\"http:\/\/www.w3.org\/2000\/svg\"><path d=\"M0 384.662V127.338c0-17.818 21.543-26.741 34.142-14.142l128.662 128.662c7.81 7.81 7.81 20.474 0 28.284L34.142 398.804C21.543 411.404 0 402.48 0 384.662z\"><\/path><\/svg><\/span>\n\t\t\t\t\t\t\t\t<span class=\"elementor-toggle-icon-opened\"><svg class=\"elementor-toggle-icon-opened e-font-icon-svg e-fas-caret-up\" viewBox=\"0 0 320 512\" xmlns=\"http:\/\/www.w3.org\/2000\/svg\"><path d=\"M288.662 352H31.338c-17.818 0-26.741-21.543-14.142-34.142l128.662-128.662c7.81-7.81 20.474-7.81 28.284 0l128.662 128.662c12.6 12.599 3.676 34.142-14.142 34.142z\"><\/path><\/svg><\/span>\n\t\t\t\t\t\t\t\t\t\t\t\t\t<\/span>\n\t\t\t\t\t\t\t\t\t\t\t\t<a class=\"elementor-toggle-title\" tabindex=\"0\">Absolute Indikationen (Operationsgr\u00fcnde)<\/a>\n\t\t\t\t\t<\/div>\n\n\t\t\t\t\t<div id=\"elementor-tab-content-1161\" class=\"elementor-tab-content elementor-clearfix\" data-tab=\"1\" role=\"region\" aria-labelledby=\"elementor-tab-title-1161\"><ul><li>Halsschmerzen durch Mandelentz\u00fcndung mit folgenden Bedingungen erf\u00fcllt: 5 oder mehr Episoden von Halsschmerzen pro Jahr (positiver Abstrich auf BHS-A, eitriges Exsudat auf den Mandeln, K\u00f6rpertemperatur \u2265 38 \u00b0 C, Lymphadenitis des Halses mit mindestens einem Knoten 2cm)<\/li><li>Episoden von Halsschmerzen beeintr\u00e4chtigen den Allgemeinzustand des Patienten und sein normales Funktionieren im t\u00e4glichen Leben<\/li><li>Komplikationen einer Mandelentz\u00fcndung (Peritonsillarabszess, Sepsis)<\/li><li>dauerhafte Atemwegsobstruktion<\/li><li><a href=\"https:\/\/dzepina.com\/de\/aktivitaeten\/hals-nasen-ohren-heilkunde-kiefer-gesichts-chirurgie\/schnarchen-schlafstoerung\/\"><strong>obstruktives Schlafapnoe-Syndrom (OSAS)<\/strong><\/a><\/li><li>Verdacht auf b\u00f6sartige Mandeln<\/li><\/ul><\/div>\n\t\t\t\t<\/div>\n\t\t\t\t\t\t\t<div class=\"elementor-toggle-item\">\n\t\t\t\t\t<div id=\"elementor-tab-title-1162\" class=\"elementor-tab-title\" data-tab=\"2\" role=\"button\" aria-controls=\"elementor-tab-content-1162\" aria-expanded=\"false\">\n\t\t\t\t\t\t\t\t\t\t\t\t<span class=\"elementor-toggle-icon elementor-toggle-icon-left\" aria-hidden=\"true\">\n\t\t\t\t\t\t\t\t\t\t\t\t\t\t\t<span class=\"elementor-toggle-icon-closed\"><svg class=\"e-font-icon-svg e-fas-caret-right\" viewBox=\"0 0 192 512\" xmlns=\"http:\/\/www.w3.org\/2000\/svg\"><path d=\"M0 384.662V127.338c0-17.818 21.543-26.741 34.142-14.142l128.662 128.662c7.81 7.81 7.81 20.474 0 28.284L34.142 398.804C21.543 411.404 0 402.48 0 384.662z\"><\/path><\/svg><\/span>\n\t\t\t\t\t\t\t\t<span class=\"elementor-toggle-icon-opened\"><svg class=\"elementor-toggle-icon-opened e-font-icon-svg e-fas-caret-up\" viewBox=\"0 0 320 512\" xmlns=\"http:\/\/www.w3.org\/2000\/svg\"><path d=\"M288.662 352H31.338c-17.818 0-26.741-21.543-14.142-34.142l128.662-128.662c7.81-7.81 20.474-7.81 28.284 0l128.662 128.662c12.6 12.599 3.676 34.142-14.142 34.142z\"><\/path><\/svg><\/span>\n\t\t\t\t\t\t\t\t\t\t\t\t\t<\/span>\n\t\t\t\t\t\t\t\t\t\t\t\t<a class=\"elementor-toggle-title\" tabindex=\"0\">Relative Angaben<\/a>\n\t\t\t\t\t<\/div>\n\n\t\t\t\t\t<div id=\"elementor-tab-content-1162\" class=\"elementor-tab-content elementor-clearfix\" data-tab=\"2\" role=\"region\" aria-labelledby=\"elementor-tab-title-1162\"><ul><li>Okklusionsst\u00f6rungen (Biss)<\/li><li>chronische Mandelentz\u00fcndung (chronische Halsschmerzen und Mundgeruch)<\/li><\/ul><\/div>\n\t\t\t\t<\/div>\n\t\t\t\t\t\t\t\t<\/div>\n\t\t\t\t\t\t<\/div>\n\t\t\t\t<\/div>\n\t\t\t\t<div class=\"elementor-element elementor-element-b0122cc elementor-widget elementor-widget-text-editor\" data-id=\"b0122cc\" data-element_type=\"widget\" data-e-type=\"widget\" data-widget_type=\"text-editor.default\">\n\t\t\t\t<div class=\"elementor-widget-container\">\n\t\t\t\t\t\t\t\t\t<p><span style=\"font-size: 16px;\">Vor der Entscheidung f\u00fcr eine Tonsillektomie wird eine sechsmonatige Nachbeobachtungszeit empfohlen. Sobald die Indikation gestellt ist, muss der Eingriff so schnell wie m\u00f6glich durchgef\u00fchrt werden, um so viel Erfolg wie m\u00f6glich zu erzielen.<\/span><\/p><p><strong>Die Tonsillotomie (partielle Tonsillektomie, intrakapsul\u00e4re Tonsillektomie, subtotale Tonsillektomie)<\/strong> ist eine alternative Methode zur Tonsillektomie. Es verursacht weniger postoperative Schmerzen und ein geringeres Risiko f\u00fcr postoperative Blutungen, erm\u00f6glicht eine schnellere Genesung und die R\u00fcckkehr zu normalen k\u00f6rperlichen Aktivit\u00e4ten und Essgewohnheiten.<\/p><p>Da die Reduktion der postoperativen Morbidit\u00e4t nach Operationen der Gaumenmandeln das Hauptziel ist, ist klar, dass die Popularit\u00e4t der intrakapsul\u00e4ren Tonsillektomie insbesondere in einigen L\u00e4ndern wie z. B. Gro\u00dfbritannien, wo es in zahlreichen medizinischen Zentren als exklusive Operationsmethode verwendet wird.<\/p>\t\t\t\t\t\t\t\t<\/div>\n\t\t\t\t<\/div>\n\t\t\t\t<div class=\"elementor-element elementor-element-178e21a2 elementor-invisible elementor-widget elementor-widget-heading\" data-id=\"178e21a2\" data-element_type=\"widget\" data-e-type=\"widget\" id=\"four\" data-settings=\"{&quot;_animation&quot;:&quot;fadeInDown&quot;}\" data-widget_type=\"heading.default\">\n\t\t\t\t<div class=\"elementor-widget-container\">\n\t\t\t\t\t<h2 class=\"elementor-heading-title elementor-size-large\">M\u00d6GLICHE KOMPLIKATIONEN UND PROBLEME DER TONSILEKTOMIE<\/h2>\t\t\t\t<\/div>\n\t\t\t\t<\/div>\n\t\t\t\t<div class=\"elementor-element elementor-element-f8ff90c elementor-widget elementor-widget-text-editor\" data-id=\"f8ff90c\" data-element_type=\"widget\" data-e-type=\"widget\" data-widget_type=\"text-editor.default\">\n\t\t\t\t<div class=\"elementor-widget-container\">\n\t\t\t\t\t\t\t\t\t<div id=\"main\">\n<div class=\"container\">\n<section id=\"primary\" class=\"content-full-width\">\n<div id=\"post-11020\" class=\"post-11020 page type-page status-publish hentry\">\n<div id=\"one\" class=\"vc_row wpb_row vc_row-fluid\">\n<div class=\"wpb_column vc_column_container vc_col-sm-8\">\n<div class=\"vc_column-inner \">\n<div class=\"wpb_wrapper\">\n<div id=\"four\" class=\"vc_row wpb_row vc_inner vc_row-fluid\">\n<div class=\"wpb_column vc_column_container vc_col-sm-12\">\n<div class=\"vc_column-inner \">\n<div class=\"wpb_wrapper\">\n<div class=\"wpb_text_column wpb_content_element \">\n<div class=\"wpb_wrapper\">\n<p>Potenzielle Nachteile der chirurgischen Behandlung sind Restgewebe in der Tonsillenloge (unvollst\u00e4ndige Entfernung der Mandeln), das ein Risiko f\u00fcr eine Reoperation darstellt.<\/p>\n<p>Bei 0 &#8211; 4,7% der operierten Patienten wurde unabh\u00e4ngig von Indikation und Operationstechnik (Laser, Radiofrequenz, Microdebrider) ein Nachwachsen von Tonsillengewebe festgestellt. Die Notwendigkeit einer erneuten Operation besteht in 2,5% der F\u00e4lle unabh\u00e4ngig von der Indikation.<\/p>\n<p>Risikofaktoren f\u00fcr das Nachwachsen der Mandeln nach Tonsillotomie sind:<\/p>\n<ul>\n<li>viel Zucker in der Nahrung<\/li>\n<li>h\u00e4ufige Atemwegsinfektionen der oberen Atemwege<\/li>\n<li>Alter der Prim\u00e4roperation vor dem dritten Lebensjahr<\/li>\n<\/ul>\n<p>Dieselben Schlussfolgerungen gelten f\u00fcr die erwachsene Bev\u00f6lkerung, deren Indikation eine hypertrophe Tonsillitis mit oder ohne schlafbezogene Atmungsst\u00f6rung ist.<\/p>\n<p>Eine Tonsillotomie oder Tonsillektomie wird f\u00fcr alle absoluten und relativen Operationsindikationen empfohlen, und es ist sicherlich eine zus\u00e4tzliche Konsultation mit den Eltern oder erwachsenen Patienten erforderlich, in der die Vor- und Nachteile der einzelnen Methoden aufgezeigt werden.<\/p>\n<p>Die Literatur best\u00e4tigt, dass die Ergebnisse der chirurgischen Behandlung von Tonsillektomie und Tonsillotomie in Bezug auf die Steigerung der Lebensqualit\u00e4t, die Verringerung von schlafbezogenen Atmungsst\u00f6rungen und die Verringerung der Anzahl von Halsinfektionen v\u00f6llig gleich sind.<\/p>\n<\/div>\n<\/div>\n<\/div>\n<\/div>\n<\/div>\n<\/div>\n<\/div>\n<\/div>\n<\/div>\n<\/div>\n<\/div>\n<\/section>\n<\/div>\n<\/div>\n\t\t\t\t\t\t\t\t<\/div>\n\t\t\t\t<\/div>\n\t\t\t\t\t<\/div>\n\t\t<\/div>\n\t\t\t\t\t<\/div>\n\t\t<\/section>\n\t\t\t\t\t<\/div>\n\t\t<\/div>\n\t\t\t\t\t<\/div>\n\t\t<\/section>\n\t\t<div class=\"elementor-element elementor-element-8953b10 e-flex e-con-boxed e-con e-parent\" data-id=\"8953b10\" data-element_type=\"container\" data-e-type=\"container\">\n\t\t\t\t\t<div class=\"e-con-inner\">\n\t\t\t\t<div class=\"elementor-element elementor-element-218c328 elementor-widget-divider--separator-type-pattern elementor-widget-divider--view-line elementor-widget elementor-widget-divider\" data-id=\"218c328\" data-element_type=\"widget\" data-e-type=\"widget\" data-widget_type=\"divider.default\">\n\t\t\t\t<div class=\"elementor-widget-container\">\n\t\t\t\t\t\t\t<div class=\"elementor-divider\" style=\"--divider-pattern-url: url(&quot;data:image\/svg+xml,%3Csvg xmlns=&#039;http:\/\/www.w3.org\/2000\/svg&#039; preserveAspectRatio=&#039;none&#039; overflow=&#039;visible&#039; height=&#039;100%&#039; viewBox=&#039;0 0 24 24&#039; fill=&#039;none&#039; stroke=&#039;black&#039; stroke-width=&#039;1&#039; stroke-linecap=&#039;square&#039; stroke-miterlimit=&#039;10&#039;%3E%3Cpolyline points=&#039;0,18 12,6 24,18 &#039;\/%3E%3C\/svg%3E&quot;);\">\n\t\t\t<span class=\"elementor-divider-separator\">\n\t\t\t\t\t\t<\/span>\n\t\t<\/div>\n\t\t\t\t\t\t<\/div>\n\t\t\t\t<\/div>\n\t\t\t\t<div class=\"elementor-element elementor-element-d4b0482 elementor-button-align-center elementor-widget elementor-widget-form\" data-id=\"d4b0482\" data-element_type=\"widget\" data-e-type=\"widget\" data-settings=\"{&quot;step_next_label&quot;:&quot;N\\u00e4chster&quot;,&quot;step_previous_label&quot;:&quot;Voriger&quot;,&quot;button_width&quot;:&quot;100&quot;,&quot;step_type&quot;:&quot;number_text&quot;,&quot;step_icon_shape&quot;:&quot;circle&quot;}\" data-widget_type=\"form.default\">\n\t\t\t\t<div class=\"elementor-widget-container\">\n\t\t\t\t\t\t\t<form class=\"elementor-form\" method=\"post\" name=\"Neues Formular\" aria-label=\"Neues Formular\">\n\t\t\t<input type=\"hidden\" name=\"post_id\" value=\"4697\"\/>\n\t\t\t<input type=\"hidden\" name=\"form_id\" value=\"d4b0482\"\/>\n\t\t\t<input type=\"hidden\" name=\"referer_title\" value=\"Tonsillektomie und Adenoidektomie Poliklinik Dr. Dzepina\" \/>\n\n\t\t\t\t\t\t\t<input type=\"hidden\" name=\"queried_id\" value=\"4697\"\/>\n\t\t\t\n\t\t\t<div class=\"elementor-form-fields-wrapper elementor-labels-above\">\n\t\t\t\t\t\t\t\t<div class=\"elementor-field-type-text elementor-field-group elementor-column elementor-field-group-name elementor-col-100\">\n\t\t\t\t\t\t\t\t\t\t\t\t<label for=\"form-field-name\" class=\"elementor-field-label\">\n\t\t\t\t\t\t\t\tSchicken Sie uns eine Anfrage oder vereinbaren Sie einen Termin\t\t\t\t\t\t\t<\/label>\n\t\t\t\t\t\t\t\t\t\t\t\t\t\t<input size=\"1\" type=\"text\" name=\"form_fields[name]\" id=\"form-field-name\" class=\"elementor-field elementor-size-sm  elementor-field-textual\" placeholder=\"Ihr Name\">\n\t\t\t\t\t\t\t\t\t\t\t<\/div>\n\t\t\t\t\t\t\t\t<div class=\"elementor-field-type-email elementor-field-group elementor-column elementor-field-group-email elementor-col-100 elementor-field-required\">\n\t\t\t\t\t\t\t\t\t\t\t\t\t<input size=\"1\" type=\"email\" name=\"form_fields[email]\" id=\"form-field-email\" class=\"elementor-field elementor-size-sm  elementor-field-textual\" placeholder=\"E-Mail\" required=\"required\">\n\t\t\t\t\t\t\t\t\t\t\t<\/div>\n\t\t\t\t\t\t\t\t<div class=\"elementor-field-type-text elementor-field-group elementor-column elementor-field-group-field_b1e2833 elementor-col-100\">\n\t\t\t\t\t\t\t\t\t\t\t\t\t<input size=\"1\" type=\"text\" name=\"form_fields[field_b1e2833]\" id=\"form-field-field_b1e2833\" class=\"elementor-field elementor-size-sm  elementor-field-textual\" placeholder=\"Telefon #\">\n\t\t\t\t\t\t\t\t\t\t\t<\/div>\n\t\t\t\t\t\t\t\t<div class=\"elementor-field-type-textarea elementor-field-group elementor-column elementor-field-group-message elementor-col-100\">\n\t\t\t\t\t<textarea class=\"elementor-field-textual elementor-field  elementor-size-sm\" name=\"form_fields[message]\" id=\"form-field-message\" rows=\"4\" placeholder=\"Nachricht\"><\/textarea>\t\t\t\t<\/div>\n\t\t\t\t\t\t\t\t<div class=\"elementor-field-group elementor-column elementor-field-type-submit elementor-col-100 e-form__buttons\">\n\t\t\t\t\t<button class=\"elementor-button elementor-size-sm\" type=\"submit\">\n\t\t\t\t\t\t<span class=\"elementor-button-content-wrapper\">\n\t\t\t\t\t\t\t\t\t\t\t\t\t\t\t\t\t\t\t\t\t\t<span class=\"elementor-button-text\">Senden<\/span>\n\t\t\t\t\t\t\t\t\t\t\t\t\t<\/span>\n\t\t\t\t\t<\/button>\n\t\t\t\t<\/div>\n\t\t\t<\/div>\n\t\t<\/form>\n\t\t\t\t\t\t<\/div>\n\t\t\t\t<\/div>\n\t\t\t\t\t<\/div>\n\t\t\t\t<\/div>\n\t\t\t\t<\/div>\n\t\t","protected":false},"excerpt":{"rendered":"<p>Tonsillektomie und Adenoidektomie Inhalt DIAGNOSTISCHER UND THERAPEUTISCHER PROTOKOL Tonsillektomie und Adenoidektomie sind ein h\u00e4ufiges Thema in HNO-Kliniken, am h\u00e4ufigsten in der P\u00e4diatrie. Meistens beginnt das Gespr\u00e4ch mit Daten zu entz\u00fcndlichen Erkrankungen. Halsentz\u00fcndungen und Halsschmerzen sind in den meisten F\u00e4llen viraler \u00c4tiologie und viel seltener bakteriell (beta-h\u00e4molytische Streptokokken Gruppe A als [&hellip;]<\/p>\n","protected":false},"author":2,"featured_media":1782,"parent":4427,"menu_order":2,"comment_status":"closed","ping_status":"closed","template":"","meta":{"_eb_attr":"","_uag_custom_page_level_css":"","site-sidebar-layout":"no-sidebar","site-content-layout":"page-builder","ast-site-content-layout":"full-width-container","site-content-style":"unboxed","site-sidebar-style":"unboxed","ast-global-header-display":"","ast-banner-title-visibility":"","ast-main-header-display":"","ast-hfb-above-header-display":"","ast-hfb-below-header-display":"","ast-hfb-mobile-header-display":"","site-post-title":"disabled","ast-breadcrumbs-content":"","ast-featured-img":"disabled","footer-sml-layout":"","theme-transparent-header-meta":"default","adv-header-id-meta":"","stick-header-meta":"","header-above-stick-meta":"","header-main-stick-meta":"","header-below-stick-meta":"","astra-migrate-meta-layouts":"set","ast-page-background-enabled":"default","ast-page-background-meta":{"desktop":{"background-color":"","background-image":"","background-repeat":"repeat","background-position":"center center","background-size":"auto","background-attachment":"scroll","background-type":"","background-media":"","overlay-type":"","overlay-color":"","overlay-opacity":"","overlay-gradient":""},"tablet":{"background-color":"","background-image":"","background-repeat":"repeat","background-position":"center center","background-size":"auto","background-attachment":"scroll","background-type":"","background-media":"","overlay-type":"","overlay-color":"","overlay-opacity":"","overlay-gradient":""},"mobile":{"background-color":"","background-image":"","background-repeat":"repeat","background-position":"center center","background-size":"auto","background-attachment":"scroll","background-type":"","background-media":"","overlay-type":"","overlay-color":"","overlay-opacity":"","overlay-gradient":""}},"ast-content-background-meta":{"desktop":{"background-color":"var(--ast-global-color-5)","background-image":"","background-repeat":"repeat","background-position":"center center","background-size":"auto","background-attachment":"scroll","background-type":"","background-media":"","overlay-type":"","overlay-color":"","overlay-opacity":"","overlay-gradient":""},"tablet":{"background-color":"var(--ast-global-color-5)","background-image":"","background-repeat":"repeat","background-position":"center center","background-size":"auto","background-attachment":"scroll","background-type":"","background-media":"","overlay-type":"","overlay-color":"","overlay-opacity":"","overlay-gradient":""},"mobile":{"background-color":"var(--ast-global-color-5)","background-image":"","background-repeat":"repeat","background-position":"center center","background-size":"auto","background-attachment":"scroll","background-type":"","background-media":"","overlay-type":"","overlay-color":"","overlay-opacity":"","overlay-gradient":""}},"footnotes":""},"class_list":["post-4697","page","type-page","status-publish","has-post-thumbnail","hentry"],"yoast_head":"<!-- This site is optimized with the Yoast SEO Premium plugin v25.4 (Yoast SEO v27.2) - https:\/\/yoast.com\/product\/yoast-seo-premium-wordpress\/ -->\n<title>Tonsillektomie und Adenoidektomie Poliklinik Dr. Dzepina<\/title>\n<meta name=\"description\" content=\"Tonsillektomie und Adenoidektomie reduzieren effektiv die Anzahl der Racheninfektionen. Nach der Operation verbessert sich die Lebensqualit\u00e4t deutlich.\" \/>\n<meta name=\"robots\" content=\"index, follow, max-snippet:-1, max-image-preview:large, max-video-preview:-1\" \/>\n<link rel=\"canonical\" href=\"https:\/\/dzepina.com\/de\/behandlungen\/hals-nasen-ohren-heilkunde-kiefer-gesichts-chirurgie\/tonsillektomie\/\" \/>\n<meta property=\"og:locale\" content=\"de_DE\" \/>\n<meta property=\"og:type\" content=\"article\" \/>\n<meta property=\"og:title\" content=\"Tonsillektomie und Adenoidektomie\" \/>\n<meta property=\"og:description\" content=\"Tonsillektomie und Adenoidektomie Inhalt DIAGNOSTISCHER UND THERAPEUTISCHER PROTOKOL Tonsillektomie und Adenoidektomie sind ein h\u00e4ufiges Thema in\" \/>\n<meta property=\"og:url\" content=\"https:\/\/dzepina.com\/de\/behandlungen\/hals-nasen-ohren-heilkunde-kiefer-gesichts-chirurgie\/tonsillektomie\/\" \/>\n<meta property=\"og:site_name\" content=\"Poliklinika Dr. D\u017eepina\" \/>\n<meta property=\"article:publisher\" content=\"https:\/\/www.facebook.com\/bookertransfersandtours\/\" \/>\n<meta property=\"article:modified_time\" content=\"2023-12-11T18:41:42+00:00\" \/>\n<meta property=\"og:image\" content=\"https:\/\/dzepina.com\/wp-content\/uploads\/Tonzilektomija-main-title.jpg\" \/>\n\t<meta property=\"og:image:width\" content=\"1000\" \/>\n\t<meta property=\"og:image:height\" content=\"677\" \/>\n\t<meta property=\"og:image:type\" content=\"image\/jpeg\" \/>\n<meta name=\"twitter:card\" content=\"summary_large_image\" \/>\n<meta name=\"twitter:site\" content=\"@DzepinaDr\" \/>\n<meta name=\"twitter:label1\" content=\"Gesch\u00e4tzte Lesezeit\" \/>\n\t<meta name=\"twitter:data1\" content=\"6\u00a0Minuten\" \/>\n<script type=\"application\/ld+json\" class=\"yoast-schema-graph\">{\"@context\":\"https:\/\/schema.org\",\"@graph\":[{\"@type\":\"WebPage\",\"@id\":\"https:\/\/dzepina.com\/de\/behandlungen\/hals-nasen-ohren-heilkunde-kiefer-gesichts-chirurgie\/tonsillektomie\/\",\"url\":\"https:\/\/dzepina.com\/de\/behandlungen\/hals-nasen-ohren-heilkunde-kiefer-gesichts-chirurgie\/tonsillektomie\/\",\"name\":\"Tonsillektomie und Adenoidektomie Poliklinik Dr. Dzepina\",\"isPartOf\":{\"@id\":\"https:\/\/dzepina.com\/de\/#website\"},\"primaryImageOfPage\":{\"@id\":\"https:\/\/dzepina.com\/de\/behandlungen\/hals-nasen-ohren-heilkunde-kiefer-gesichts-chirurgie\/tonsillektomie\/#primaryimage\"},\"image\":{\"@id\":\"https:\/\/dzepina.com\/de\/behandlungen\/hals-nasen-ohren-heilkunde-kiefer-gesichts-chirurgie\/tonsillektomie\/#primaryimage\"},\"thumbnailUrl\":\"https:\/\/dzepina.com\/wp-content\/uploads\/Tonzilektomija-main-title.webp\",\"datePublished\":\"2023-09-09T12:05:55+00:00\",\"dateModified\":\"2023-12-11T18:41:42+00:00\",\"description\":\"Tonsillektomie und Adenoidektomie reduzieren effektiv die Anzahl der Racheninfektionen. Nach der Operation verbessert sich die Lebensqualit\u00e4t deutlich.\",\"breadcrumb\":{\"@id\":\"https:\/\/dzepina.com\/de\/behandlungen\/hals-nasen-ohren-heilkunde-kiefer-gesichts-chirurgie\/tonsillektomie\/#breadcrumb\"},\"inLanguage\":\"de\",\"potentialAction\":[{\"@type\":\"ReadAction\",\"target\":[\"https:\/\/dzepina.com\/de\/behandlungen\/hals-nasen-ohren-heilkunde-kiefer-gesichts-chirurgie\/tonsillektomie\/\"]}]},{\"@type\":\"ImageObject\",\"inLanguage\":\"de\",\"@id\":\"https:\/\/dzepina.com\/de\/behandlungen\/hals-nasen-ohren-heilkunde-kiefer-gesichts-chirurgie\/tonsillektomie\/#primaryimage\",\"url\":\"https:\/\/dzepina.com\/wp-content\/uploads\/Tonzilektomija-main-title.webp\",\"contentUrl\":\"https:\/\/dzepina.com\/wp-content\/uploads\/Tonzilektomija-main-title.webp\",\"width\":1000,\"height\":677,\"caption\":\"Kroni\u010dni tonzilitis sa uve\u0107anim tonzilama\"},{\"@type\":\"BreadcrumbList\",\"@id\":\"https:\/\/dzepina.com\/de\/behandlungen\/hals-nasen-ohren-heilkunde-kiefer-gesichts-chirurgie\/tonsillektomie\/#breadcrumb\",\"itemListElement\":[{\"@type\":\"ListItem\",\"position\":1,\"name\":\"Naslovna\",\"item\":\"https:\/\/dzepina.com\/de\/\"},{\"@type\":\"ListItem\",\"position\":2,\"name\":\"Aktivit\u00e4ten\",\"item\":\"https:\/\/dzepina.com\/de\/behandlungen\/\"},{\"@type\":\"ListItem\",\"position\":3,\"name\":\"Hals-Nasen-Ohrenheilkunde und Mund-, Kiefer- und Gesichtschirurgie\",\"item\":\"https:\/\/dzepina.com\/de\/behandlungen\/hals-nasen-ohren-heilkunde-kiefer-gesichts-chirurgie\/\"},{\"@type\":\"ListItem\",\"position\":4,\"name\":\"Tonsillektomie und Adenoidektomie\"}]},{\"@type\":\"WebSite\",\"@id\":\"https:\/\/dzepina.com\/de\/#website\",\"url\":\"https:\/\/dzepina.com\/de\/\",\"name\":\"Poliklinika Dr. D\u017eepina\",\"description\":\"Plasti\u010dna i estetska kirurgija, ORL i MFK\",\"publisher\":{\"@id\":\"https:\/\/dzepina.com\/de\/#organization\"},\"potentialAction\":[{\"@type\":\"SearchAction\",\"target\":{\"@type\":\"EntryPoint\",\"urlTemplate\":\"https:\/\/dzepina.com\/de\/?s={search_term_string}\"},\"query-input\":{\"@type\":\"PropertyValueSpecification\",\"valueRequired\":true,\"valueName\":\"search_term_string\"}}],\"inLanguage\":\"de\"},{\"@type\":[\"Organization\",\"Place\",\"PlasticSurgery\"],\"@id\":\"https:\/\/dzepina.com\/de\/#organization\",\"name\":\"POLIKLINIKA DR. D\u017dEPINA\",\"url\":\"https:\/\/dzepina.com\/de\/\",\"logo\":{\"@id\":\"https:\/\/dzepina.com\/de\/behandlungen\/hals-nasen-ohren-heilkunde-kiefer-gesichts-chirurgie\/tonsillektomie\/#local-main-organization-logo\"},\"image\":{\"@id\":\"https:\/\/dzepina.com\/de\/behandlungen\/hals-nasen-ohren-heilkunde-kiefer-gesichts-chirurgie\/tonsillektomie\/#local-main-organization-logo\"},\"sameAs\":[\"https:\/\/www.facebook.com\/bookertransfersandtours\/\",\"https:\/\/x.com\/DzepinaDr\",\"https:\/\/www.instagram.com\/booker_hr\/drdzepina\"],\"address\":{\"@id\":\"https:\/\/dzepina.com\/de\/behandlungen\/hals-nasen-ohren-heilkunde-kiefer-gesichts-chirurgie\/tonsillektomie\/#local-main-place-address\"},\"geo\":{\"@type\":\"GeoCoordinates\",\"latitude\":\"45.801848681861486\",\"longitude\":\"16.012701191427382\"},\"telephone\":[\"+38512304532\"],\"contactPoint\":{\"@type\":\"ContactPoint\",\"telephone\":\"+38512304532\",\"email\":\"info@dzepina.com\"},\"openingHoursSpecification\":[{\"@type\":\"OpeningHoursSpecification\",\"dayOfWeek\":[\"Monday\",\"Tuesday\",\"Wednesday\",\"Thursday\",\"Friday\"],\"opens\":\"10:00\",\"closes\":\"20:00\"},{\"@type\":\"OpeningHoursSpecification\",\"dayOfWeek\":[\"Saturday\",\"Sunday\"],\"opens\":\"00:00\",\"closes\":\"00:00\"}],\"email\":\"info@dzepina.com\",\"faxNumber\":\"+38512304532\",\"vatID\":\"36327044540\"},{\"@type\":\"PostalAddress\",\"@id\":\"https:\/\/dzepina.com\/de\/behandlungen\/hals-nasen-ohren-heilkunde-kiefer-gesichts-chirurgie\/tonsillektomie\/#local-main-place-address\",\"streetAddress\":\"Ulica grada Vukovara 284\",\"addressLocality\":\"Zagreb\",\"postalCode\":\"10000\",\"addressRegion\":\"Hrvatska\",\"addressCountry\":\"HR\"},{\"@type\":\"ImageObject\",\"inLanguage\":\"de\",\"@id\":\"https:\/\/dzepina.com\/de\/behandlungen\/hals-nasen-ohren-heilkunde-kiefer-gesichts-chirurgie\/tonsillektomie\/#local-main-organization-logo\",\"url\":\"https:\/\/dzepina.com\/wp-content\/uploads\/BBBF4625-E418-427F-B981-EDD046C2BE15.webp\",\"contentUrl\":\"https:\/\/dzepina.com\/wp-content\/uploads\/BBBF4625-E418-427F-B981-EDD046C2BE15.webp\",\"width\":1139,\"height\":572,\"caption\":\"POLIKLINIKA DR. D\u017dEPINA\"}]}<\/script>\n<meta name=\"geo.placename\" content=\"Zagreb\" \/>\n<meta name=\"geo.position\" content=\"45.801848681861486;16.012701191427382\" \/>\n<meta name=\"geo.region\" content=\"Kroatien\" \/>\n<!-- \/ Yoast SEO Premium plugin. -->","yoast_head_json":{"title":"Tonsillektomie und Adenoidektomie Poliklinik Dr. Dzepina","description":"Tonsillektomie und Adenoidektomie reduzieren effektiv die Anzahl der Racheninfektionen. Nach der Operation verbessert sich die Lebensqualit\u00e4t deutlich.","robots":{"index":"index","follow":"follow","max-snippet":"max-snippet:-1","max-image-preview":"max-image-preview:large","max-video-preview":"max-video-preview:-1"},"canonical":"https:\/\/dzepina.com\/de\/behandlungen\/hals-nasen-ohren-heilkunde-kiefer-gesichts-chirurgie\/tonsillektomie\/","og_locale":"de_DE","og_type":"article","og_title":"Tonsillektomie und Adenoidektomie","og_description":"Tonsillektomie und Adenoidektomie Inhalt DIAGNOSTISCHER UND THERAPEUTISCHER PROTOKOL Tonsillektomie und Adenoidektomie sind ein h\u00e4ufiges Thema in","og_url":"https:\/\/dzepina.com\/de\/behandlungen\/hals-nasen-ohren-heilkunde-kiefer-gesichts-chirurgie\/tonsillektomie\/","og_site_name":"Poliklinika Dr. D\u017eepina","article_publisher":"https:\/\/www.facebook.com\/bookertransfersandtours\/","article_modified_time":"2023-12-11T18:41:42+00:00","og_image":[{"width":1000,"height":677,"url":"https:\/\/dzepina.com\/wp-content\/uploads\/Tonzilektomija-main-title.jpg","type":"image\/jpeg"}],"twitter_card":"summary_large_image","twitter_site":"@DzepinaDr","twitter_misc":{"Gesch\u00e4tzte Lesezeit":"6\u00a0Minuten"},"schema":{"@context":"https:\/\/schema.org","@graph":[{"@type":"WebPage","@id":"https:\/\/dzepina.com\/de\/behandlungen\/hals-nasen-ohren-heilkunde-kiefer-gesichts-chirurgie\/tonsillektomie\/","url":"https:\/\/dzepina.com\/de\/behandlungen\/hals-nasen-ohren-heilkunde-kiefer-gesichts-chirurgie\/tonsillektomie\/","name":"Tonsillektomie und Adenoidektomie Poliklinik Dr. Dzepina","isPartOf":{"@id":"https:\/\/dzepina.com\/de\/#website"},"primaryImageOfPage":{"@id":"https:\/\/dzepina.com\/de\/behandlungen\/hals-nasen-ohren-heilkunde-kiefer-gesichts-chirurgie\/tonsillektomie\/#primaryimage"},"image":{"@id":"https:\/\/dzepina.com\/de\/behandlungen\/hals-nasen-ohren-heilkunde-kiefer-gesichts-chirurgie\/tonsillektomie\/#primaryimage"},"thumbnailUrl":"https:\/\/dzepina.com\/wp-content\/uploads\/Tonzilektomija-main-title.webp","datePublished":"2023-09-09T12:05:55+00:00","dateModified":"2023-12-11T18:41:42+00:00","description":"Tonsillektomie und Adenoidektomie reduzieren effektiv die Anzahl der Racheninfektionen. Nach der Operation verbessert sich die Lebensqualit\u00e4t deutlich.","breadcrumb":{"@id":"https:\/\/dzepina.com\/de\/behandlungen\/hals-nasen-ohren-heilkunde-kiefer-gesichts-chirurgie\/tonsillektomie\/#breadcrumb"},"inLanguage":"de","potentialAction":[{"@type":"ReadAction","target":["https:\/\/dzepina.com\/de\/behandlungen\/hals-nasen-ohren-heilkunde-kiefer-gesichts-chirurgie\/tonsillektomie\/"]}]},{"@type":"ImageObject","inLanguage":"de","@id":"https:\/\/dzepina.com\/de\/behandlungen\/hals-nasen-ohren-heilkunde-kiefer-gesichts-chirurgie\/tonsillektomie\/#primaryimage","url":"https:\/\/dzepina.com\/wp-content\/uploads\/Tonzilektomija-main-title.webp","contentUrl":"https:\/\/dzepina.com\/wp-content\/uploads\/Tonzilektomija-main-title.webp","width":1000,"height":677,"caption":"Kroni\u010dni tonzilitis sa uve\u0107anim tonzilama"},{"@type":"BreadcrumbList","@id":"https:\/\/dzepina.com\/de\/behandlungen\/hals-nasen-ohren-heilkunde-kiefer-gesichts-chirurgie\/tonsillektomie\/#breadcrumb","itemListElement":[{"@type":"ListItem","position":1,"name":"Naslovna","item":"https:\/\/dzepina.com\/de\/"},{"@type":"ListItem","position":2,"name":"Aktivit\u00e4ten","item":"https:\/\/dzepina.com\/de\/behandlungen\/"},{"@type":"ListItem","position":3,"name":"Hals-Nasen-Ohrenheilkunde und Mund-, Kiefer- und Gesichtschirurgie","item":"https:\/\/dzepina.com\/de\/behandlungen\/hals-nasen-ohren-heilkunde-kiefer-gesichts-chirurgie\/"},{"@type":"ListItem","position":4,"name":"Tonsillektomie und Adenoidektomie"}]},{"@type":"WebSite","@id":"https:\/\/dzepina.com\/de\/#website","url":"https:\/\/dzepina.com\/de\/","name":"Poliklinika Dr. D\u017eepina","description":"Plasti\u010dna i estetska kirurgija, ORL i MFK","publisher":{"@id":"https:\/\/dzepina.com\/de\/#organization"},"potentialAction":[{"@type":"SearchAction","target":{"@type":"EntryPoint","urlTemplate":"https:\/\/dzepina.com\/de\/?s={search_term_string}"},"query-input":{"@type":"PropertyValueSpecification","valueRequired":true,"valueName":"search_term_string"}}],"inLanguage":"de"},{"@type":["Organization","Place","PlasticSurgery"],"@id":"https:\/\/dzepina.com\/de\/#organization","name":"POLIKLINIKA DR. D\u017dEPINA","url":"https:\/\/dzepina.com\/de\/","logo":{"@id":"https:\/\/dzepina.com\/de\/behandlungen\/hals-nasen-ohren-heilkunde-kiefer-gesichts-chirurgie\/tonsillektomie\/#local-main-organization-logo"},"image":{"@id":"https:\/\/dzepina.com\/de\/behandlungen\/hals-nasen-ohren-heilkunde-kiefer-gesichts-chirurgie\/tonsillektomie\/#local-main-organization-logo"},"sameAs":["https:\/\/www.facebook.com\/bookertransfersandtours\/","https:\/\/x.com\/DzepinaDr","https:\/\/www.instagram.com\/booker_hr\/drdzepina"],"address":{"@id":"https:\/\/dzepina.com\/de\/behandlungen\/hals-nasen-ohren-heilkunde-kiefer-gesichts-chirurgie\/tonsillektomie\/#local-main-place-address"},"geo":{"@type":"GeoCoordinates","latitude":"45.801848681861486","longitude":"16.012701191427382"},"telephone":["+38512304532"],"contactPoint":{"@type":"ContactPoint","telephone":"+38512304532","email":"info@dzepina.com"},"openingHoursSpecification":[{"@type":"OpeningHoursSpecification","dayOfWeek":["Monday","Tuesday","Wednesday","Thursday","Friday"],"opens":"10:00","closes":"20:00"},{"@type":"OpeningHoursSpecification","dayOfWeek":["Saturday","Sunday"],"opens":"00:00","closes":"00:00"}],"email":"info@dzepina.com","faxNumber":"+38512304532","vatID":"36327044540"},{"@type":"PostalAddress","@id":"https:\/\/dzepina.com\/de\/behandlungen\/hals-nasen-ohren-heilkunde-kiefer-gesichts-chirurgie\/tonsillektomie\/#local-main-place-address","streetAddress":"Ulica grada Vukovara 284","addressLocality":"Zagreb","postalCode":"10000","addressRegion":"Hrvatska","addressCountry":"HR"},{"@type":"ImageObject","inLanguage":"de","@id":"https:\/\/dzepina.com\/de\/behandlungen\/hals-nasen-ohren-heilkunde-kiefer-gesichts-chirurgie\/tonsillektomie\/#local-main-organization-logo","url":"https:\/\/dzepina.com\/wp-content\/uploads\/BBBF4625-E418-427F-B981-EDD046C2BE15.webp","contentUrl":"https:\/\/dzepina.com\/wp-content\/uploads\/BBBF4625-E418-427F-B981-EDD046C2BE15.webp","width":1139,"height":572,"caption":"POLIKLINIKA DR. D\u017dEPINA"}]},"geo.placename":"Zagreb","geo.position":{"lat":"45.801848681861486","long":"16.012701191427382"},"geo.region":"Kroatien"},"uagb_featured_image_src":{"full":["https:\/\/dzepina.com\/wp-content\/uploads\/Tonzilektomija-main-title.webp",1000,677,false],"thumbnail":["https:\/\/dzepina.com\/wp-content\/uploads\/Tonzilektomija-main-title-150x150.jpg",150,150,true],"medium":["https:\/\/dzepina.com\/wp-content\/uploads\/Tonzilektomija-main-title-300x203.jpg",300,203,true],"medium_large":["https:\/\/dzepina.com\/wp-content\/uploads\/Tonzilektomija-main-title-768x520.jpg",768,520,true],"large":["https:\/\/dzepina.com\/wp-content\/uploads\/Tonzilektomija-main-title.webp",1000,677,false],"1536x1536":["https:\/\/dzepina.com\/wp-content\/uploads\/Tonzilektomija-main-title.webp",1000,677,false],"2048x2048":["https:\/\/dzepina.com\/wp-content\/uploads\/Tonzilektomija-main-title.webp",1000,677,false]},"uagb_author_info":{"display_name":"Davor Dzepina","author_link":"https:\/\/dzepina.com\/de\/author\/dr-dzepina\/"},"uagb_comment_info":0,"uagb_excerpt":"Tonsillektomie und Adenoidektomie Inhalt DIAGNOSTISCHER UND THERAPEUTISCHER PROTOKOL Tonsillektomie und Adenoidektomie sind ein h\u00e4ufiges Thema in HNO-Kliniken, am h\u00e4ufigsten in der P\u00e4diatrie. Meistens beginnt das Gespr\u00e4ch mit Daten zu entz\u00fcndlichen Erkrankungen. Halsentz\u00fcndungen und Halsschmerzen sind in den meisten F\u00e4llen viraler \u00c4tiologie und viel seltener bakteriell (beta-h\u00e4molytische Streptokokken Gruppe A als [&hellip;]","_links":{"self":[{"href":"https:\/\/dzepina.com\/de\/wp-json\/wp\/v2\/pages\/4697","targetHints":{"allow":["GET"]}}],"collection":[{"href":"https:\/\/dzepina.com\/de\/wp-json\/wp\/v2\/pages"}],"about":[{"href":"https:\/\/dzepina.com\/de\/wp-json\/wp\/v2\/types\/page"}],"author":[{"embeddable":true,"href":"https:\/\/dzepina.com\/de\/wp-json\/wp\/v2\/users\/2"}],"replies":[{"embeddable":true,"href":"https:\/\/dzepina.com\/de\/wp-json\/wp\/v2\/comments?post=4697"}],"version-history":[{"count":75,"href":"https:\/\/dzepina.com\/de\/wp-json\/wp\/v2\/pages\/4697\/revisions"}],"predecessor-version":[{"id":26560,"href":"https:\/\/dzepina.com\/de\/wp-json\/wp\/v2\/pages\/4697\/revisions\/26560"}],"up":[{"embeddable":true,"href":"https:\/\/dzepina.com\/de\/wp-json\/wp\/v2\/pages\/4427"}],"wp:featuredmedia":[{"embeddable":true,"href":"https:\/\/dzepina.com\/de\/wp-json\/wp\/v2\/media\/1782"}],"wp:attachment":[{"href":"https:\/\/dzepina.com\/de\/wp-json\/wp\/v2\/media?parent=4697"}],"curies":[{"name":"wp","href":"https:\/\/api.w.org\/{rel}","templated":true}]}}